{"id":31,"date":"2016-03-28T16:18:48","date_gmt":"2016-03-28T16:18:48","guid":{"rendered":"https:\/\/exatas.ufpr.br\/ppgecm\/?page_id=31"},"modified":"2025-11-12T15:53:38","modified_gmt":"2025-11-12T15:53:38","slug":"workshop","status":"publish","type":"page","link":"https:\/\/exatas.ufpr.br\/ppgecm\/workshop\/","title":{"rendered":"Workshop"},"content":{"rendered":"\n<p class=\"has-text-align-center has-large-font-size\"><\/p>\n\n\n\n<p class=\"has-black-color has-text-color has-link-color has-medium-font-size wp-elements-9ea9de3557edab6b4469dff93e6affdc\"><\/p>\n\n\n<div class=\"wp-block-image\">\n<figure class=\"aligncenter size-large\"><a href=\"https:\/\/www.even3.com.br\/xv-workshop-v-escoladeverao-568929\/\"><img loading=\"lazy\" decoding=\"async\" width=\"1024\" height=\"410\" src=\"https:\/\/exatas.ufpr.br\/ppgecm\/wp-content\/uploads\/sites\/27\/2025\/11\/image-2-1024x410.png\" alt=\"\" class=\"wp-image-4625\" srcset=\"https:\/\/exatas.ufpr.br\/ppgecm\/wp-content\/uploads\/sites\/27\/2025\/11\/image-2-1024x410.png 1024w, https:\/\/exatas.ufpr.br\/ppgecm\/wp-content\/uploads\/sites\/27\/2025\/11\/image-2-300x120.png 300w, https:\/\/exatas.ufpr.br\/ppgecm\/wp-content\/uploads\/sites\/27\/2025\/11\/image-2-768x307.png 768w, https:\/\/exatas.ufpr.br\/ppgecm\/wp-content\/uploads\/sites\/27\/2025\/11\/image-2.png 1100w\" sizes=\"auto, (max-width: 1024px) 100vw, 1024px\" \/><\/a><\/figure><\/div>\n\n\n<p class=\"has-text-align-center has-black-color has-text-color has-link-color has-medium-font-size wp-elements-b97aad44c9e8100e4a3c8a651a0c8387\">O Workshop \u00e9 um evento do PPGECM destinado a apresenta\u00e7\u00e3o de resumos expandidos dos trabalhos de pesquisa dos alunos que entraram no ano corrente do evento. Tal evento consiste em encontros anuais, com dura\u00e7\u00e3o de dois ou tr\u00eas dias, realizados no segundo semestre de cada ano, durante os quais docentes, discentes e pesquisadores da \u00e1rea convidados, re\u00fanem-se com os seguintes objetivos:<\/p>\n\n\n\n<p class=\"has-text-align-center has-black-color has-text-color has-link-color has-medium-font-size wp-elements-ab800afe1cde33d262261dc43fa5240a\"><strong>(1)<\/strong> <strong>&#8211;<\/strong> apresentar e discutir os anteprojetos de pesquisa dos alunos ingressantes, anteriormente ao seu desenvolvimento, de modo a contribuir para a estrutura\u00e7\u00e3o de projetos consistentes e em sintonia com os objetivos e linhas de pesquisa do Programa;<br \/><strong>(2) &#8211;<\/strong> apresentar e discutir os projetos em andamento dos alunos veteranos, propiciando o debate e o interc\u00e2mbio cient\u00edfico;<br \/><strong>(3) &#8211;<\/strong> promover atividades conjuntas que gerem subs\u00eddios para a avalia\u00e7\u00e3o cont\u00ednua e aperfei\u00e7oamento do Programa.<\/p>\n\n\n\n<p class=\"has-text-align-center has-black-color has-text-color has-link-color has-medium-font-size wp-elements-d5c864520a9097b02cb8cb8597d0108b\">Assim sendo, os Workshops s\u00e3o organizados de forma a incluir em seu cronograma de atividades: Confer\u00eancias; Mesas Redondas; sess\u00f5es de apresenta\u00e7\u00e3o dos anteprojetos dos alunos ingressantes (em forma de comunica\u00e7\u00e3o oral); sess\u00f5es de apresenta\u00e7\u00e3o dos projetos em andamento dos alunos veteranos (em forma de pain\u00e9is e resumos estendidos) e reuni\u00e3o de avalia\u00e7\u00e3o.<\/p>\n\n\n\n<div style=\"height:40px\" aria-hidden=\"true\" class=\"wp-block-spacer\"><\/div>\n\n\n\n<p class=\"has-text-align-center has-large-font-size\"><strong><a href=\"https:\/\/www.even3.com.br\/xv-workshop-v-escoladeverao-568929\/\">XV WORKSHOP E V ESCOLA DE VER\u00c3O &#8211; PPGECM<\/a><\/strong><\/p>\n\n\n\n<p class=\"has-text-align-center has-medium-font-size\">\u00a026\/11\/2025\u00a0\u2013 28\/11\/2025\u00a0&#8211; 13:00 &#8211; 22:00 GMT-3<\/p>\n\n\n\n<p class=\"has-text-align-center has-medium-font-size\"><img decoding=\"async\" src=\"https:\/\/static.even3.com\/assets\/icons\/hotsite\/cam02.svg\" alt=\"presencial\" \/>\u00a0Com transmiss\u00e3o online<\/p>\n\n\n\n<p class=\"has-text-align-center\">O&nbsp; XV Workshop e V Escola de Ver\u00e3o \u00e9 um evento do Programa de P\u00f3s-gradua\u00e7\u00e3o em Educa\u00e7\u00e3o em Ci\u00eancias e em Matem\u00e1tica (PPGECM) da Universidade Federal do Paran\u00e1 (UFPR) que ocorre anualmente. Tem como objetivos: promover encontros e debates sobre as pesquisas em desenvolvimento pelos mestrandos e doutorandos ingressantes no Programa; fomentar parcerias entre pesquisadores; fortalecer o processo formativo da comunidade acad\u00eamica interna; e, avaliar, bem como prospectar, as a\u00e7\u00f5es do Programa.<\/p>\n\n\n\n<p class=\"has-text-align-center\">Em sua 15\u00aa edi\u00e7\u00e3o, o Workshop 2025 tem como tema: &#8216;<strong>Quem faz o PPGECM? Construindo sentidos e conex\u00f5es entre sujeitos da p\u00f3s-gradua\u00e7\u00e3o<\/strong>&#8216;. A escolha desse tema tem como objetivo&nbsp; reconhecer e valorizar os diferentes percursos, experi\u00eancias e contribui\u00e7\u00f5es dos sujeitos que integram o Programa. Busca-se, com isso, fortalecer v\u00ednculos e estimular o sentimento de pertencimento \u00e0 comunidade acad\u00eamica do PPGECM.<\/p>\n\n\n\n<p class=\"has-text-align-center has-black-color has-text-color has-link-color has-medium-font-size wp-elements-4b2225fb737fef7c3932b96bd3a62691\"><\/p>\n\n\n\n<hr class=\"wp-block-separator has-alpha-channel-opacity\" \/>\n\n\n\n<p class=\"has-black-color has-text-color has-link-color wp-elements-13b4501ee239ba06c7ad80cd5e6b068f\" style=\"font-size:25px\"><strong>Clique nos links abaixo para obter os anais das edi\u00e7\u00f5es anteriores:<\/strong><\/p>\n\n\n\n<p class=\"has-vivid-cyan-blue-color has-text-color has-link-color wp-elements-a62ca292fa0de04748bf012e1e323e30\"><a href=\"https:\/\/www.even3.com.br\/xiv-workshop-iv-escola-de-verao-403626\/\" target=\"_blank\" rel=\"noreferrer noopener\"><strong>XIV WORKSHOP E IV ESCOLA DE VER\u00c3O &#8211; PPGECM<\/strong><\/a><\/p>\n\n\n\n<p class=\"has-vivid-cyan-blue-color has-text-color has-link-color has-medium-font-size wp-elements-a76f5d21ecc4b66f403cda3e788737d2\">XIII Workshop 2023<\/p>\n\n\n\n<p class=\"has-vivid-cyan-blue-color has-text-color has-link-color has-medium-font-size wp-elements-13e39b4596d3a483bc7e3bddd1da8f57\"><a href=\"https:\/\/eventos.ufpr.br\/ppgecm\/12ppgecm\/schedConf\/presentations\" target=\"_blank\" rel=\"noreferrer noopener\">XII Workshop 2022 e II Escola de Ver\u00e3o do Programa de P\u00f3s-Gradua\u00e7\u00e3o em Educa\u00e7\u00e3o em Ci\u00eancias e em Matem\u00e1tica &#8211; Anais<\/a><\/p>\n\n\n\n<p class=\"has-vivid-cyan-blue-color has-text-color has-link-color has-medium-font-size wp-elements-651031399582e11f1fb60fcdda4be99f\"><a href=\"https:\/\/drive.google.com\/file\/d\/1_RiEGF12ImTbmMk2EXJQ3QNaJCmVVube\/view\" data-type=\"link\" data-id=\"https:\/\/drive.google.com\/file\/d\/1_RiEGF12ImTbmMk2EXJQ3QNaJCmVVube\/view\">XII Workshop 2022 e II Escola de Ver\u00e3o do Programa de P\u00f3s-Gradua\u00e7\u00e3o em Educa\u00e7\u00e3o em Ci\u00eancias e em Matem\u00e1tica &#8211; e-book<\/a><\/p>\n\n\n\n<p class=\"has-vivid-cyan-blue-color has-text-color has-link-color has-medium-font-size wp-elements-9e6a61d3cb31d085657b6da27644c085\"><a href=\"https:\/\/sites.google.com\/view\/xiworkshop\/p%C3%A1gina-inicial\" data-type=\"link\" data-id=\"https:\/\/sites.google.com\/view\/xiworkshop\/p%C3%A1gina-inicial\">XI Workshop 2021 e I Escola de Ver\u00e3o do Programa de P\u00f3s-Gradua\u00e7\u00e3o em Educa\u00e7\u00e3o em Ci\u00eancias e em Matem\u00e1tica<\/a><\/p>\n\n\n\n<p class=\"has-vivid-cyan-blue-color has-text-color has-link-color has-medium-font-size wp-elements-988e3bed8e35a3d92544ce2525bb5cbf\"><a href=\"https:\/\/exatas.ufpr.br\/ppgecm\/wp-content\/uploads\/sites\/27\/2016\/03\/CADERNO-DE-RESUMOS-2019.pdf\" data-type=\"link\" data-id=\"https:\/\/exatas.ufpr.br\/ppgecm\/wp-content\/uploads\/sites\/27\/2016\/03\/CADERNO-DE-RESUMOS-2019.pdf\">X Workshop 2019 e I Encontro Paranaense de Programas de P\u00f3s-Gradua\u00e7\u00e3o em Educa\u00e7\u00e3o em Ci\u00eancias e em Matem\u00e1tica<\/a><\/p>\n\n\n\n<p class=\"has-vivid-cyan-blue-color has-text-color has-link-color has-medium-font-size wp-elements-e1854c65f5c82c6b191f073ebc1610ac\"><a href=\"https:\/\/exatas.ufpr.br\/ppgecm\/wp-content\/uploads\/sites\/27\/2016\/03\/CADERNO-DE-RESUMOS-2018.pdf\">IX Workshop 2018<\/a><\/p>\n\n\n\n<p class=\"has-vivid-cyan-blue-color has-text-color has-link-color has-medium-font-size wp-elements-00dbbe8982b461abc825f0ace6665f84\"><a href=\"https:\/\/exatas.ufpr.br\/ppgecm\/wp-content\/uploads\/sites\/27\/2016\/03\/caderno-de-resumos-PPGECM-2017.pdf\">VIII Workshop 2017<\/a><\/p>\n\n\n\n<p class=\"has-vivid-cyan-blue-color has-text-color has-link-color has-medium-font-size wp-elements-3fe845695786ef5243ae4610e3fdc9b3\"><a href=\"https:\/\/exatas.ufpr.br\/ppgecm\/wp-content\/uploads\/sites\/27\/2016\/12\/CadernoVIIworkshop.pdf\">VII Workshop 2016<\/a><\/p>\n\n\n\n<p class=\"has-vivid-cyan-blue-color has-text-color has-link-color has-medium-font-size wp-elements-d01138096febce09ab6a37a21e72f59e\"><a href=\"https:\/\/exatas.ufpr.br\/ppgecm\/wp-content\/uploads\/sites\/27\/2016\/03\/anais_workshop_2015.pdf\">VI Workshop 2015<\/a><\/p>\n\n\n\n<p class=\"has-vivid-cyan-blue-color has-text-color has-link-color has-medium-font-size wp-elements-d2f70de8ee943c8e0c62935851c0c633\"><a href=\"https:\/\/exatas.ufpr.br\/ppgecm\/wp-content\/uploads\/sites\/27\/2016\/03\/anais_workshop_2014.pdf\">V Workshop 2014<\/a><\/p>\n\n\n\n<p class=\"has-vivid-cyan-blue-color has-text-color has-link-color has-medium-font-size wp-elements-12af7612b7428a2f63bcc41f94f6fdaa\"><a href=\"https:\/\/exatas.ufpr.br\/ppgecm\/wp-content\/uploads\/sites\/27\/2016\/03\/anais_workshop_2013.pdf\">IV Workshop 2013<\/a><\/p>\n\n\n\n<p class=\"has-vivid-cyan-blue-color has-text-color has-link-color has-medium-font-size wp-elements-6e76a10664f69d22d34106367ddf29e6\"><a href=\"https:\/\/exatas.ufpr.br\/ppgecm\/wp-content\/uploads\/sites\/27\/2016\/03\/anais_workshop_2012.pdf\">III Workshop 2012<\/a><\/p>\n\n\n\n<p class=\"has-vivid-cyan-blue-color has-text-color has-link-color has-medium-font-size wp-elements-de4ee9523589136153ceac2f106eecfe\">II Workshop 2011<\/p>\n\n\n\n<p class=\"has-vivid-cyan-blue-color has-text-color has-link-color has-medium-font-size wp-elements-322c9029f8f2d14ab55d8111ac670ef9\"><a href=\"https:\/\/exatas.ufpr.br\/ppgecm\/wp-content\/uploads\/sites\/27\/2016\/03\/anais_workshop_2010.pdf\">I Workshop 2010<\/a><\/p>\n\n\n\n<p><\/p>\n\n\n\n<p class=\"has-black-color has-text-color has-link-color has-medium-font-size wp-elements-407590a5555e362dde5f72bc8ec1b62e\">Fotos do evento:<\/p>\n\n\n\n<figure class=\"wp-block-gallery has-nested-images columns-5 is-cropped wp-block-gallery-1 is-layout-flex wp-block-gallery-is-layout-flex\">\n<figure class=\"wp-block-image size-large\"><img loading=\"lazy\" decoding=\"async\" width=\"1024\" height=\"576\" data-id=\"1553\" src=\"https:\/\/exatas.ufpr.br\/ppgecm\/wp-content\/uploads\/sites\/27\/2016\/03\/WhatsApp-Image-2019-12-17-at-12.56.14-2-1024x576.jpeg\" alt=\"\" class=\"wp-image-1553\" srcset=\"https:\/\/exatas.ufpr.br\/ppgecm\/wp-content\/uploads\/sites\/27\/2016\/03\/WhatsApp-Image-2019-12-17-at-12.56.14-2-1024x576.jpeg 1024w, https:\/\/exatas.ufpr.br\/ppgecm\/wp-content\/uploads\/sites\/27\/2016\/03\/WhatsApp-Image-2019-12-17-at-12.56.14-2-300x169.jpeg 300w, https:\/\/exatas.ufpr.br\/ppgecm\/wp-content\/uploads\/sites\/27\/2016\/03\/WhatsApp-Image-2019-12-17-at-12.56.14-2-768x432.jpeg 768w, https:\/\/exatas.ufpr.br\/ppgecm\/wp-content\/uploads\/sites\/27\/2016\/03\/WhatsApp-Image-2019-12-17-at-12.56.14-2.jpeg 1280w\" sizes=\"auto, (max-width: 1024px) 100vw, 1024px\" \/><\/figure>\n\n\n\n<figure class=\"wp-block-image size-large\"><img loading=\"lazy\" decoding=\"async\" width=\"1024\" height=\"576\" data-id=\"1554\" src=\"https:\/\/exatas.ufpr.br\/ppgecm\/wp-content\/uploads\/sites\/27\/2016\/03\/WhatsApp-Image-2019-12-17-at-12.56.14-1024x576.jpeg\" alt=\"\" class=\"wp-image-1554\" srcset=\"https:\/\/exatas.ufpr.br\/ppgecm\/wp-content\/uploads\/sites\/27\/2016\/03\/WhatsApp-Image-2019-12-17-at-12.56.14-1024x576.jpeg 1024w, https:\/\/exatas.ufpr.br\/ppgecm\/wp-content\/uploads\/sites\/27\/2016\/03\/WhatsApp-Image-2019-12-17-at-12.56.14-300x169.jpeg 300w, https:\/\/exatas.ufpr.br\/ppgecm\/wp-content\/uploads\/sites\/27\/2016\/03\/WhatsApp-Image-2019-12-17-at-12.56.14-768x432.jpeg 768w, https:\/\/exatas.ufpr.br\/ppgecm\/wp-content\/uploads\/sites\/27\/2016\/03\/WhatsApp-Image-2019-12-17-at-12.56.14.jpeg 1152w\" sizes=\"auto, (max-width: 1024px) 100vw, 1024px\" \/><\/figure>\n\n\n\n<figure class=\"wp-block-image size-large\"><img loading=\"lazy\" decoding=\"async\" width=\"1024\" height=\"576\" data-id=\"1552\" src=\"https:\/\/exatas.ufpr.br\/ppgecm\/wp-content\/uploads\/sites\/27\/2016\/03\/WhatsApp-Image-2019-12-17-at-12.56.14-1-1024x576.jpeg\" alt=\"\" class=\"wp-image-1552\" srcset=\"https:\/\/exatas.ufpr.br\/ppgecm\/wp-content\/uploads\/sites\/27\/2016\/03\/WhatsApp-Image-2019-12-17-at-12.56.14-1-1024x576.jpeg 1024w, https:\/\/exatas.ufpr.br\/ppgecm\/wp-content\/uploads\/sites\/27\/2016\/03\/WhatsApp-Image-2019-12-17-at-12.56.14-1-300x169.jpeg 300w, https:\/\/exatas.ufpr.br\/ppgecm\/wp-content\/uploads\/sites\/27\/2016\/03\/WhatsApp-Image-2019-12-17-at-12.56.14-1-768x432.jpeg 768w, https:\/\/exatas.ufpr.br\/ppgecm\/wp-content\/uploads\/sites\/27\/2016\/03\/WhatsApp-Image-2019-12-17-at-12.56.14-1.jpeg 1280w\" sizes=\"auto, (max-width: 1024px) 100vw, 1024px\" \/><\/figure>\n\n\n\n<figure class=\"wp-block-image size-large\"><img loading=\"lazy\" decoding=\"async\" width=\"1024\" height=\"768\" data-id=\"1551\" src=\"https:\/\/exatas.ufpr.br\/ppgecm\/wp-content\/uploads\/sites\/27\/2016\/03\/WhatsApp-Image-2019-12-17-at-12.56.13-1024x768.jpeg\" alt=\"\" class=\"wp-image-1551\" srcset=\"https:\/\/exatas.ufpr.br\/ppgecm\/wp-content\/uploads\/sites\/27\/2016\/03\/WhatsApp-Image-2019-12-17-at-12.56.13-1024x768.jpeg 1024w, https:\/\/exatas.ufpr.br\/ppgecm\/wp-content\/uploads\/sites\/27\/2016\/03\/WhatsApp-Image-2019-12-17-at-12.56.13-300x225.jpeg 300w, https:\/\/exatas.ufpr.br\/ppgecm\/wp-content\/uploads\/sites\/27\/2016\/03\/WhatsApp-Image-2019-12-17-at-12.56.13-768x576.jpeg 768w, https:\/\/exatas.ufpr.br\/ppgecm\/wp-content\/uploads\/sites\/27\/2016\/03\/WhatsApp-Image-2019-12-17-at-12.56.13.jpeg 1280w\" sizes=\"auto, (max-width: 1024px) 100vw, 1024px\" \/><\/figure>\n\n\n\n<figure class=\"wp-block-image size-large\"><img loading=\"lazy\" decoding=\"async\" width=\"1024\" height=\"768\" data-id=\"1550\" src=\"https:\/\/exatas.ufpr.br\/ppgecm\/wp-content\/uploads\/sites\/27\/2016\/03\/WhatsApp-Image-2019-12-17-at-12.56.13-3-1024x768.jpeg\" alt=\"\" class=\"wp-image-1550\" srcset=\"https:\/\/exatas.ufpr.br\/ppgecm\/wp-content\/uploads\/sites\/27\/2016\/03\/WhatsApp-Image-2019-12-17-at-12.56.13-3-1024x768.jpeg 1024w, https:\/\/exatas.ufpr.br\/ppgecm\/wp-content\/uploads\/sites\/27\/2016\/03\/WhatsApp-Image-2019-12-17-at-12.56.13-3-300x225.jpeg 300w, https:\/\/exatas.ufpr.br\/ppgecm\/wp-content\/uploads\/sites\/27\/2016\/03\/WhatsApp-Image-2019-12-17-at-12.56.13-3-768x576.jpeg 768w, https:\/\/exatas.ufpr.br\/ppgecm\/wp-content\/uploads\/sites\/27\/2016\/03\/WhatsApp-Image-2019-12-17-at-12.56.13-3.jpeg 1280w\" sizes=\"auto, (max-width: 1024px) 100vw, 1024px\" \/><\/figure>\n\n\n\n<figure class=\"wp-block-image size-large\"><img loading=\"lazy\" decoding=\"async\" width=\"1024\" height=\"768\" data-id=\"1549\" src=\"https:\/\/exatas.ufpr.br\/ppgecm\/wp-content\/uploads\/sites\/27\/2016\/03\/WhatsApp-Image-2019-12-17-at-12.56.13-2-1024x768.jpeg\" alt=\"\" class=\"wp-image-1549\" srcset=\"https:\/\/exatas.ufpr.br\/ppgecm\/wp-content\/uploads\/sites\/27\/2016\/03\/WhatsApp-Image-2019-12-17-at-12.56.13-2-1024x768.jpeg 1024w, https:\/\/exatas.ufpr.br\/ppgecm\/wp-content\/uploads\/sites\/27\/2016\/03\/WhatsApp-Image-2019-12-17-at-12.56.13-2-300x225.jpeg 300w, https:\/\/exatas.ufpr.br\/ppgecm\/wp-content\/uploads\/sites\/27\/2016\/03\/WhatsApp-Image-2019-12-17-at-12.56.13-2-768x576.jpeg 768w, https:\/\/exatas.ufpr.br\/ppgecm\/wp-content\/uploads\/sites\/27\/2016\/03\/WhatsApp-Image-2019-12-17-at-12.56.13-2.jpeg 1152w\" sizes=\"auto, (max-width: 1024px) 100vw, 1024px\" \/><\/figure>\n\n\n\n<figure class=\"wp-block-image size-large\"><img loading=\"lazy\" decoding=\"async\" width=\"1024\" height=\"768\" data-id=\"1548\" src=\"https:\/\/exatas.ufpr.br\/ppgecm\/wp-content\/uploads\/sites\/27\/2016\/03\/WhatsApp-Image-2019-12-17-at-12.56.13-1-1024x768.jpeg\" alt=\"\" class=\"wp-image-1548\" srcset=\"https:\/\/exatas.ufpr.br\/ppgecm\/wp-content\/uploads\/sites\/27\/2016\/03\/WhatsApp-Image-2019-12-17-at-12.56.13-1-1024x768.jpeg 1024w, https:\/\/exatas.ufpr.br\/ppgecm\/wp-content\/uploads\/sites\/27\/2016\/03\/WhatsApp-Image-2019-12-17-at-12.56.13-1-300x225.jpeg 300w, https:\/\/exatas.ufpr.br\/ppgecm\/wp-content\/uploads\/sites\/27\/2016\/03\/WhatsApp-Image-2019-12-17-at-12.56.13-1-768x576.jpeg 768w, https:\/\/exatas.ufpr.br\/ppgecm\/wp-content\/uploads\/sites\/27\/2016\/03\/WhatsApp-Image-2019-12-17-at-12.56.13-1.jpeg 1280w\" sizes=\"auto, (max-width: 1024px) 100vw, 1024px\" \/><\/figure>\n\n\n\n<figure class=\"wp-block-image size-large\"><img loading=\"lazy\" decoding=\"async\" width=\"1024\" height=\"768\" data-id=\"1547\" src=\"https:\/\/exatas.ufpr.br\/ppgecm\/wp-content\/uploads\/sites\/27\/2016\/03\/WhatsApp-Image-2019-12-17-at-12.56.12-1024x768.jpeg\" alt=\"\" class=\"wp-image-1547\" srcset=\"https:\/\/exatas.ufpr.br\/ppgecm\/wp-content\/uploads\/sites\/27\/2016\/03\/WhatsApp-Image-2019-12-17-at-12.56.12-1024x768.jpeg 1024w, https:\/\/exatas.ufpr.br\/ppgecm\/wp-content\/uploads\/sites\/27\/2016\/03\/WhatsApp-Image-2019-12-17-at-12.56.12-300x225.jpeg 300w, https:\/\/exatas.ufpr.br\/ppgecm\/wp-content\/uploads\/sites\/27\/2016\/03\/WhatsApp-Image-2019-12-17-at-12.56.12-768x576.jpeg 768w, https:\/\/exatas.ufpr.br\/ppgecm\/wp-content\/uploads\/sites\/27\/2016\/03\/WhatsApp-Image-2019-12-17-at-12.56.12.jpeg 1280w\" sizes=\"auto, (max-width: 1024px) 100vw, 1024px\" \/><\/figure>\n\n\n\n<figure class=\"wp-block-image size-large\"><img loading=\"lazy\" decoding=\"async\" width=\"1024\" height=\"683\" data-id=\"1546\" src=\"https:\/\/exatas.ufpr.br\/ppgecm\/wp-content\/uploads\/sites\/27\/2016\/03\/WhatsApp-Image-2019-12-17-at-12.56.12-3-1024x683.jpeg\" alt=\"\" class=\"wp-image-1546\" srcset=\"https:\/\/exatas.ufpr.br\/ppgecm\/wp-content\/uploads\/sites\/27\/2016\/03\/WhatsApp-Image-2019-12-17-at-12.56.12-3-1024x683.jpeg 1024w, https:\/\/exatas.ufpr.br\/ppgecm\/wp-content\/uploads\/sites\/27\/2016\/03\/WhatsApp-Image-2019-12-17-at-12.56.12-3-300x200.jpeg 300w, https:\/\/exatas.ufpr.br\/ppgecm\/wp-content\/uploads\/sites\/27\/2016\/03\/WhatsApp-Image-2019-12-17-at-12.56.12-3-768x512.jpeg 768w, https:\/\/exatas.ufpr.br\/ppgecm\/wp-content\/uploads\/sites\/27\/2016\/03\/WhatsApp-Image-2019-12-17-at-12.56.12-3.jpeg 1200w\" sizes=\"auto, (max-width: 1024px) 100vw, 1024px\" \/><\/figure>\n\n\n\n<figure class=\"wp-block-image size-large\"><img loading=\"lazy\" decoding=\"async\" width=\"1024\" height=\"768\" data-id=\"1545\" src=\"https:\/\/exatas.ufpr.br\/ppgecm\/wp-content\/uploads\/sites\/27\/2016\/03\/WhatsApp-Image-2019-12-17-at-12.56.12-2-1024x768.jpeg\" alt=\"\" class=\"wp-image-1545\" srcset=\"https:\/\/exatas.ufpr.br\/ppgecm\/wp-content\/uploads\/sites\/27\/2016\/03\/WhatsApp-Image-2019-12-17-at-12.56.12-2-1024x768.jpeg 1024w, https:\/\/exatas.ufpr.br\/ppgecm\/wp-content\/uploads\/sites\/27\/2016\/03\/WhatsApp-Image-2019-12-17-at-12.56.12-2-300x225.jpeg 300w, https:\/\/exatas.ufpr.br\/ppgecm\/wp-content\/uploads\/sites\/27\/2016\/03\/WhatsApp-Image-2019-12-17-at-12.56.12-2-768x576.jpeg 768w, https:\/\/exatas.ufpr.br\/ppgecm\/wp-content\/uploads\/sites\/27\/2016\/03\/WhatsApp-Image-2019-12-17-at-12.56.12-2.jpeg 1280w\" sizes=\"auto, (max-width: 1024px) 100vw, 1024px\" \/><\/figure>\n\n\n\n<figure class=\"wp-block-image size-large\"><img loading=\"lazy\" decoding=\"async\" width=\"1024\" height=\"768\" data-id=\"1544\" src=\"https:\/\/exatas.ufpr.br\/ppgecm\/wp-content\/uploads\/sites\/27\/2016\/03\/WhatsApp-Image-2019-12-17-at-12.56.12-1-1024x768.jpeg\" alt=\"\" class=\"wp-image-1544\" srcset=\"https:\/\/exatas.ufpr.br\/ppgecm\/wp-content\/uploads\/sites\/27\/2016\/03\/WhatsApp-Image-2019-12-17-at-12.56.12-1-1024x768.jpeg 1024w, https:\/\/exatas.ufpr.br\/ppgecm\/wp-content\/uploads\/sites\/27\/2016\/03\/WhatsApp-Image-2019-12-17-at-12.56.12-1-300x225.jpeg 300w, https:\/\/exatas.ufpr.br\/ppgecm\/wp-content\/uploads\/sites\/27\/2016\/03\/WhatsApp-Image-2019-12-17-at-12.56.12-1-768x576.jpeg 768w, https:\/\/exatas.ufpr.br\/ppgecm\/wp-content\/uploads\/sites\/27\/2016\/03\/WhatsApp-Image-2019-12-17-at-12.56.12-1.jpeg 1280w\" sizes=\"auto, (max-width: 1024px) 100vw, 1024px\" \/><\/figure>\n\n\n\n<figure class=\"wp-block-image size-large\"><img loading=\"lazy\" decoding=\"async\" width=\"1024\" height=\"683\" data-id=\"1543\" src=\"https:\/\/exatas.ufpr.br\/ppgecm\/wp-content\/uploads\/sites\/27\/2016\/03\/WhatsApp-Image-2019-12-17-at-12.56.11-1024x683.jpeg\" alt=\"\" class=\"wp-image-1543\" srcset=\"https:\/\/exatas.ufpr.br\/ppgecm\/wp-content\/uploads\/sites\/27\/2016\/03\/WhatsApp-Image-2019-12-17-at-12.56.11-1024x683.jpeg 1024w, https:\/\/exatas.ufpr.br\/ppgecm\/wp-content\/uploads\/sites\/27\/2016\/03\/WhatsApp-Image-2019-12-17-at-12.56.11-300x200.jpeg 300w, https:\/\/exatas.ufpr.br\/ppgecm\/wp-content\/uploads\/sites\/27\/2016\/03\/WhatsApp-Image-2019-12-17-at-12.56.11-768x512.jpeg 768w, https:\/\/exatas.ufpr.br\/ppgecm\/wp-content\/uploads\/sites\/27\/2016\/03\/WhatsApp-Image-2019-12-17-at-12.56.11.jpeg 1200w\" sizes=\"auto, (max-width: 1024px) 100vw, 1024px\" \/><\/figure>\n\n\n\n<figure class=\"wp-block-image size-large\"><img loading=\"lazy\" decoding=\"async\" width=\"1024\" height=\"683\" data-id=\"1542\" src=\"https:\/\/exatas.ufpr.br\/ppgecm\/wp-content\/uploads\/sites\/27\/2016\/03\/WhatsApp-Image-2019-12-17-at-12.56.11-2-1024x683.jpeg\" alt=\"\" class=\"wp-image-1542\" srcset=\"https:\/\/exatas.ufpr.br\/ppgecm\/wp-content\/uploads\/sites\/27\/2016\/03\/WhatsApp-Image-2019-12-17-at-12.56.11-2-1024x683.jpeg 1024w, https:\/\/exatas.ufpr.br\/ppgecm\/wp-content\/uploads\/sites\/27\/2016\/03\/WhatsApp-Image-2019-12-17-at-12.56.11-2-300x200.jpeg 300w, https:\/\/exatas.ufpr.br\/ppgecm\/wp-content\/uploads\/sites\/27\/2016\/03\/WhatsApp-Image-2019-12-17-at-12.56.11-2-768x512.jpeg 768w, https:\/\/exatas.ufpr.br\/ppgecm\/wp-content\/uploads\/sites\/27\/2016\/03\/WhatsApp-Image-2019-12-17-at-12.56.11-2.jpeg 1200w\" sizes=\"auto, (max-width: 1024px) 100vw, 1024px\" \/><\/figure>\n\n\n\n<figure class=\"wp-block-image size-large\"><img loading=\"lazy\" decoding=\"async\" width=\"1024\" height=\"683\" data-id=\"1541\" src=\"https:\/\/exatas.ufpr.br\/ppgecm\/wp-content\/uploads\/sites\/27\/2016\/03\/WhatsApp-Image-2019-12-17-at-12.56.11-1-1024x683.jpeg\" alt=\"\" class=\"wp-image-1541\" srcset=\"https:\/\/exatas.ufpr.br\/ppgecm\/wp-content\/uploads\/sites\/27\/2016\/03\/WhatsApp-Image-2019-12-17-at-12.56.11-1-1024x683.jpeg 1024w, https:\/\/exatas.ufpr.br\/ppgecm\/wp-content\/uploads\/sites\/27\/2016\/03\/WhatsApp-Image-2019-12-17-at-12.56.11-1-300x200.jpeg 300w, https:\/\/exatas.ufpr.br\/ppgecm\/wp-content\/uploads\/sites\/27\/2016\/03\/WhatsApp-Image-2019-12-17-at-12.56.11-1-768x512.jpeg 768w, https:\/\/exatas.ufpr.br\/ppgecm\/wp-content\/uploads\/sites\/27\/2016\/03\/WhatsApp-Image-2019-12-17-at-12.56.11-1.jpeg 1200w\" sizes=\"auto, (max-width: 1024px) 100vw, 1024px\" \/><\/figure>\n\n\n\n<figure class=\"wp-block-image size-large\"><img loading=\"lazy\" decoding=\"async\" width=\"1024\" height=\"683\" data-id=\"1540\" src=\"https:\/\/exatas.ufpr.br\/ppgecm\/wp-content\/uploads\/sites\/27\/2016\/03\/WhatsApp-Image-2019-12-17-at-12.56.10-1024x683.jpeg\" alt=\"\" class=\"wp-image-1540\" srcset=\"https:\/\/exatas.ufpr.br\/ppgecm\/wp-content\/uploads\/sites\/27\/2016\/03\/WhatsApp-Image-2019-12-17-at-12.56.10-1024x683.jpeg 1024w, https:\/\/exatas.ufpr.br\/ppgecm\/wp-content\/uploads\/sites\/27\/2016\/03\/WhatsApp-Image-2019-12-17-at-12.56.10-300x200.jpeg 300w, https:\/\/exatas.ufpr.br\/ppgecm\/wp-content\/uploads\/sites\/27\/2016\/03\/WhatsApp-Image-2019-12-17-at-12.56.10-768x512.jpeg 768w, https:\/\/exatas.ufpr.br\/ppgecm\/wp-content\/uploads\/sites\/27\/2016\/03\/WhatsApp-Image-2019-12-17-at-12.56.10.jpeg 1200w\" sizes=\"auto, (max-width: 1024px) 100vw, 1024px\" \/><\/figure>\n<\/figure>\n\n\n\n<p class=\"has-black-color has-text-color has-link-color has-small-font-size wp-elements-5dedc08126ba5285de963457df2d29af\">Qualquer d\u00favida ou sugest\u00e3o, enviar um e-mail para&nbsp;workshopufprecm@gmail.com<\/p>\n","protected":false},"excerpt":{"rendered":"<p>O Workshop \u00e9 um evento do PPGECM destinado a apresenta\u00e7\u00e3o de resumos expandidos dos trabalhos de pesquisa dos alunos que entraram no ano corrente do evento. Tal evento consiste em encontros anuais, com dura\u00e7\u00e3o de dois ou tr\u00eas dias, realizados&hellip; <\/p>\n","protected":false},"author":13,"featured_media":0,"parent":0,"menu_order":0,"comment_status":"open","ping_status":"open","template":"","meta":{"footnotes":""},"class_list":["post-31","page","type-page","status-publish","hentry"],"_links":{"self":[{"href":"https:\/\/exatas.ufpr.br\/ppgecm\/wp-json\/wp\/v2\/pages\/31","targetHints":{"allow":["GET"]}}],"collection":[{"href":"https:\/\/exatas.ufpr.br\/ppgecm\/wp-json\/wp\/v2\/pages"}],"about":[{"href":"https:\/\/exatas.ufpr.br\/ppgecm\/wp-json\/wp\/v2\/types\/page"}],"author":[{"embeddable":true,"href":"https:\/\/exatas.ufpr.br\/ppgecm\/wp-json\/wp\/v2\/users\/13"}],"replies":[{"embeddable":true,"href":"https:\/\/exatas.ufpr.br\/ppgecm\/wp-json\/wp\/v2\/comments?post=31"}],"version-history":[{"count":54,"href":"https:\/\/exatas.ufpr.br\/ppgecm\/wp-json\/wp\/v2\/pages\/31\/revisions"}],"predecessor-version":[{"id":4630,"href":"https:\/\/exatas.ufpr.br\/ppgecm\/wp-json\/wp\/v2\/pages\/31\/revisions\/4630"}],"wp:attachment":[{"href":"https:\/\/exatas.ufpr.br\/ppgecm\/wp-json\/wp\/v2\/media?parent=31"}],"curies":[{"name":"wp","href":"https:\/\/api.w.org\/{rel}","templated":true}]}}