{"id":2641,"date":"2022-02-03T17:00:00","date_gmt":"2022-02-03T17:00:00","guid":{"rendered":"https:\/\/exatas.ufpr.br\/ppgecm\/?page_id=2641"},"modified":"2024-08-19T21:50:40","modified_gmt":"2024-08-19T21:50:40","slug":"editais-2018","status":"publish","type":"page","link":"https:\/\/exatas.ufpr.br\/ppgecm\/editais-2018\/","title":{"rendered":"Editais 2018"},"content":{"rendered":"\n<p class=\"has-text-color has-link-color wp-elements-5188f27b606b78859ce6c22917e066dd\" style=\"color:#3ea4bb;font-size:25px\"><span style=\"color: #0000ff\"><strong><mark style=\"background-color:#ffffff\" class=\"has-inline-color has-black-color\">Sele\u00e7\u00e3o &#8211; Mestrado 2018<\/mark><\/strong><\/span><\/p>\n\n\n\n<p class=\"has-text-color has-link-color has-medium-font-size wp-elements-5fefedea5f199459c7c5815c4e76a342\" style=\"color:#3ea4bb\"><a href=\"https:\/\/exatas.ufpr.br\/ppgecm\/wp-content\/uploads\/sites\/27\/2018\/11\/Edital007_2018-2019_ResultadoFinal.pdf\">EDITAL 007\/2018 &#8211;\u00a0Resultado Final<\/a><br \/><a href=\"https:\/\/exatas.ufpr.br\/ppgecm\/wp-content\/uploads\/sites\/27\/2018\/11\/Edital006_2018-2019_Retifica\u00e7\u00e3oVagas.pdf\">EDITAL 006\/2018 &#8211;\u00a0Retifica\u00e7\u00e3o<\/a><br \/><a href=\"https:\/\/exatas.ufpr.br\/ppgecm\/wp-content\/uploads\/sites\/27\/2018\/11\/Edital005_2018-2019_Cronograma.pdf\">EDITAL 005\/2018 &#8211;\u00a0Cronograma Argui\u00e7\u00f5es<\/a><br \/><a href=\"https:\/\/exatas.ufpr.br\/ppgecm\/wp-content\/uploads\/sites\/27\/2018\/11\/Edital004_2018-2019_ResultadoProva.pdf\">EDITAL 004\/2018 &#8211; Resultado &#8211; Prova Escrita<\/a><br \/><a href=\"https:\/\/exatas.ufpr.br\/ppgecm\/wp-content\/uploads\/sites\/27\/2018\/10\/Homologadas2019.pdf\">EDITAL\u00a0 003\/2018 &#8211; Inscri\u00e7\u00f5es homologadas e Ensalamento<\/a><br \/><a href=\"https:\/\/exatas.ufpr.br\/ppgecm\/wp-content\/uploads\/sites\/27\/2018\/10\/Edital002_prorroga\u00e7ao_2018-2019.pdf\">EDITAL\u00a0 002\/2018 &#8211; Prorroga\u00e7\u00e3o de Prazo para Inscri\u00e7\u00e3o<\/a><br \/><span style=\"color: #3366ff\"><a style=\"color: #3366ff\" href=\"https:\/\/exatas.ufpr.br\/ppgecm\/wp-content\/uploads\/sites\/27\/2018\/09\/Edital_2018-2019.pdf\"><mark style=\"background-color:#ffffff;color:#3ea4bb\" class=\"has-inline-color\">EDITAL DE SELE\u00c7\u00c3O 2018-2019<\/mark><\/a><\/span><\/p>\n\n\n\n<p class=\"has-text-color has-link-color has-medium-font-size wp-elements-2f188f104a6373729cfe16138a8e256e\" style=\"color:#3ea4bb\"><a href=\"https:\/\/www.dropbox.com\/s\/1o8343g0j3nybe2\/ModeloProjeto2019.doc?dl=0\">MODELO DE PROJETO<\/a><br \/><a href=\"http:\/\/www.prppg.ufpr.br\/siga\/visitante\/processoseletivo\/index.jsp?sequencial=1057\">FICHA DE INSCRI\u00c7\u00c3O<\/a><\/p>\n","protected":false},"excerpt":{"rendered":"<p>Sele\u00e7\u00e3o &#8211; Mestrado 2018 EDITAL 007\/2018 &#8211;\u00a0Resultado FinalEDITAL 006\/2018 &#8211;\u00a0Retifica\u00e7\u00e3oEDITAL 005\/2018 &#8211;\u00a0Cronograma Argui\u00e7\u00f5esEDITAL 004\/2018 &#8211; Resultado &#8211; Prova EscritaEDITAL\u00a0 003\/2018 &#8211; Inscri\u00e7\u00f5es homologadas e EnsalamentoEDITAL\u00a0 002\/2018 &#8211; Prorroga\u00e7\u00e3o de Prazo para Inscri\u00e7\u00e3oEDITAL DE SELE\u00c7\u00c3O 2018-2019 MODELO DE PROJETOFICHA DE INSCRI\u00c7\u00c3O<\/p>\n","protected":false},"author":3978,"featured_media":0,"parent":0,"menu_order":0,"comment_status":"closed","ping_status":"closed","template":"","meta":{"footnotes":""},"class_list":["post-2641","page","type-page","status-publish","hentry"],"_links":{"self":[{"href":"https:\/\/exatas.ufpr.br\/ppgecm\/wp-json\/wp\/v2\/pages\/2641","targetHints":{"allow":["GET"]}}],"collection":[{"href":"https:\/\/exatas.ufpr.br\/ppgecm\/wp-json\/wp\/v2\/pages"}],"about":[{"href":"https:\/\/exatas.ufpr.br\/ppgecm\/wp-json\/wp\/v2\/types\/page"}],"author":[{"embeddable":true,"href":"https:\/\/exatas.ufpr.br\/ppgecm\/wp-json\/wp\/v2\/users\/3978"}],"replies":[{"embeddable":true,"href":"https:\/\/exatas.ufpr.br\/ppgecm\/wp-json\/wp\/v2\/comments?post=2641"}],"version-history":[{"count":2,"href":"https:\/\/exatas.ufpr.br\/ppgecm\/wp-json\/wp\/v2\/pages\/2641\/revisions"}],"predecessor-version":[{"id":3426,"href":"https:\/\/exatas.ufpr.br\/ppgecm\/wp-json\/wp\/v2\/pages\/2641\/revisions\/3426"}],"wp:attachment":[{"href":"https:\/\/exatas.ufpr.br\/ppgecm\/wp-json\/wp\/v2\/media?parent=2641"}],"curies":[{"name":"wp","href":"https:\/\/api.w.org\/{rel}","templated":true}]}}