{"id":2639,"date":"2022-02-03T16:58:25","date_gmt":"2022-02-03T16:58:25","guid":{"rendered":"https:\/\/exatas.ufpr.br\/ppgecm\/?page_id=2639"},"modified":"2024-08-19T23:38:32","modified_gmt":"2024-08-19T23:38:32","slug":"editais-2019","status":"publish","type":"page","link":"https:\/\/exatas.ufpr.br\/ppgecm\/editais-2019\/","title":{"rendered":"Editais 2019"},"content":{"rendered":"\n<p class=\"has-black-color has-text-color has-link-color wp-elements-3bf495786ab366ee477e93221e83fa56\" style=\"font-size:25px;font-style:normal;font-weight:600\">Sele\u00e7\u00e3o &#8211; Doutorado 2019<\/p>\n\n\n\n<p class=\"has-text-color has-link-color has-medium-font-size wp-elements-3bbacf7991b107f3f2716af25a8cf712\" style=\"color:#3ea4bb;font-style:normal;font-weight:300\"><a href=\"https:\/\/exatas.ufpr.br\/ppgecm\/wp-content\/uploads\/sites\/27\/2016\/08\/Edital_05.2019-Doutorado1.pdf\">RESULTADO 3\u00aa FASE \/ Resultado Final<\/a><br \/><a href=\"https:\/\/exatas.ufpr.br\/ppgecm\/wp-content\/uploads\/sites\/27\/2019\/07\/Edital_04.2019_Doutorado.pdf\">RESULTADO 2\u00aa FASE \/\u00a0Entrevista e argui\u00e7\u00e3o sobre o projeto de pesquisa, memorial e o curr\u00edculo lattes<\/a><br \/><a href=\"https:\/\/exatas.ufpr.br\/ppgecm\/wp-content\/uploads\/sites\/27\/2019\/06\/Edital_03.2019_Doutorado.pdf\">RESULTADO 1\u00aa FASE \/Cronograma de Entrevistas<\/a><br \/><a href=\"https:\/\/exatas.ufpr.br\/ppgecm\/wp-content\/uploads\/sites\/27\/2019\/06\/Homologa\u00e7\u00e3odeInscri\u00e7\u00f5es_Doutorado_2019.pdf\">HOMOLOGA\u00c7\u00c3O DAS INSCRI\u00c7\u00d5ES<\/a><br \/><a href=\"https:\/\/exatas.ufpr.br\/ppgecm\/wp-content\/uploads\/sites\/27\/2019\/04\/PPGECM_Edital_Processo-Seletivo_Doutorado_2019.pdf\">EDITAL DE SELE\u00c7\u00c3O\u00a0 &#8211; Doutorado 2019<\/a><\/p>\n\n\n\n<hr class=\"wp-block-separator has-alpha-channel-opacity\" \/>\n\n\n\n<hr class=\"wp-block-separator has-alpha-channel-opacity\" \/>\n\n\n\n<p class=\"has-black-color has-text-color has-link-color wp-elements-deea8663cc0350f08d94df9ad6e2452a\" style=\"font-size:25px;font-style:normal;font-weight:600\">Comiss\u00e3o de Bolsas <\/p>\n\n\n\n<p class=\"has-text-color has-link-color has-medium-font-size wp-elements-b6ac2caca645ea2077c3ce86b78daba1\" style=\"color:#3ea4bb;font-style:normal;font-weight:300\"><a href=\"https:\/\/exatas.ufpr.br\/ppgecm\/wp-content\/uploads\/sites\/27\/2019\/03\/EditalResultadoBolsas2019.pdf\">Edital\u00a0N.\u00ba\u00a002\/2019\u00a0\u2013 Comiss\u00e3o de Bolsas &#8211; Resultado da\u00a0Sele\u00e7\u00e3o de Bolsistas CAPES\/DS<\/a><br \/><a href=\"https:\/\/exatas.ufpr.br\/ppgecm\/wp-content\/uploads\/sites\/27\/2019\/02\/Edital_Bolsas_2019.pdf\">EDITAL\u00a0N.\u00ba\u00a001\/2019\u00a0\u2013 Comiss\u00e3o de\u00a0Bolsas &#8211;\u00a0Sele\u00e7\u00e3o de\u00a0Bolsistas CAPES\/DS<\/a><\/p>\n\n\n\n<hr class=\"wp-block-separator has-alpha-channel-opacity\" \/>\n\n\n\n<hr class=\"wp-block-separator has-alpha-channel-opacity\" \/>\n\n\n\n<p class=\"has-black-color has-text-color has-link-color wp-elements-45452d6bc6fff22db2c6dd76be9369f1\" style=\"font-size:25px;font-style:normal;font-weight:600\">Elei\u00e7\u00f5es<\/p>\n\n\n\n<p class=\"has-text-color has-link-color has-medium-font-size wp-elements-b5366c4f8c433d3eaece76443aafe503\" style=\"color:#3ea4bb;font-style:normal;font-weight:300\"><a href=\"https:\/\/exatas.ufpr.br\/ppgecm\/wp-content\/uploads\/sites\/27\/2019\/06\/Resultado-Elei\u00e7\u00e3o_PPGECM-2019.pdf\">Resultado Elei\u00e7\u00e3o_PPGECM &#8211; 2019<\/a><br \/><a href=\"https:\/\/exatas.ufpr.br\/ppgecm\/wp-content\/uploads\/sites\/27\/2019\/06\/Edital-n\u00ba-02-2019-1.pdf\">Edital n\u00ba 02-2019<\/a><br \/><a href=\"https:\/\/exatas.ufpr.br\/ppgecm\/wp-content\/uploads\/sites\/27\/2019\/06\/Edital_Elei\u00e7\u00e3o_2019.pdf\">Edital n.\u00ba 01-2019<\/a><br \/><a href=\"https:\/\/exatas.ufpr.br\/ppgecm\/wp-content\/uploads\/sites\/27\/2016\/12\/Resolu\u00e7\u00e3o-01-19-Elei\u00e7\u00f5es-2019.pdf\">ELEI\u00c7\u00c3O PPGECM &#8211; 2019<\/a><\/p>\n","protected":false},"excerpt":{"rendered":"<p>Sele\u00e7\u00e3o &#8211; Doutorado 2019 RESULTADO 3\u00aa FASE \/ Resultado FinalRESULTADO 2\u00aa FASE \/\u00a0Entrevista e argui\u00e7\u00e3o sobre o projeto de pesquisa, memorial e o curr\u00edculo lattesRESULTADO 1\u00aa FASE \/Cronograma de EntrevistasHOMOLOGA\u00c7\u00c3O DAS INSCRI\u00c7\u00d5ESEDITAL DE SELE\u00c7\u00c3O\u00a0 &#8211; Doutorado 2019 Comiss\u00e3o de Bolsas&hellip; <\/p>\n","protected":false},"author":3978,"featured_media":0,"parent":0,"menu_order":0,"comment_status":"closed","ping_status":"closed","template":"","meta":{"footnotes":""},"class_list":["post-2639","page","type-page","status-publish","hentry"],"_links":{"self":[{"href":"https:\/\/exatas.ufpr.br\/ppgecm\/wp-json\/wp\/v2\/pages\/2639","targetHints":{"allow":["GET"]}}],"collection":[{"href":"https:\/\/exatas.ufpr.br\/ppgecm\/wp-json\/wp\/v2\/pages"}],"about":[{"href":"https:\/\/exatas.ufpr.br\/ppgecm\/wp-json\/wp\/v2\/types\/page"}],"author":[{"embeddable":true,"href":"https:\/\/exatas.ufpr.br\/ppgecm\/wp-json\/wp\/v2\/users\/3978"}],"replies":[{"embeddable":true,"href":"https:\/\/exatas.ufpr.br\/ppgecm\/wp-json\/wp\/v2\/comments?post=2639"}],"version-history":[{"count":4,"href":"https:\/\/exatas.ufpr.br\/ppgecm\/wp-json\/wp\/v2\/pages\/2639\/revisions"}],"predecessor-version":[{"id":3436,"href":"https:\/\/exatas.ufpr.br\/ppgecm\/wp-json\/wp\/v2\/pages\/2639\/revisions\/3436"}],"wp:attachment":[{"href":"https:\/\/exatas.ufpr.br\/ppgecm\/wp-json\/wp\/v2\/media?parent=2639"}],"curies":[{"name":"wp","href":"https:\/\/api.w.org\/{rel}","templated":true}]}}