{"id":2603,"date":"2021-12-03T12:19:55","date_gmt":"2021-12-03T12:19:55","guid":{"rendered":"https:\/\/exatas.ufpr.br\/ppgecm\/?page_id=2603"},"modified":"2022-12-14T13:13:42","modified_gmt":"2022-12-14T13:13:42","slug":"disciplinas-2022","status":"publish","type":"page","link":"https:\/\/exatas.ufpr.br\/ppgecm\/disciplinas-2022\/","title":{"rendered":"Disciplinas 2022"},"content":{"rendered":"<h3><strong><u>Disciplinas ofertadas PPGECM \u2013 2<\/u><\/strong><strong><u>\u00ba semestre \/ 2022<\/u><\/strong><\/h3>\n<p>&nbsp;<\/p>\n<table width=\"1171\">\n<tbody>\n<tr>\n<td width=\"213\">\n<h5>DISCIPLINAS<\/h5>\n<\/td>\n<td width=\"155\">\n<h5>DOCENTES<\/h5>\n<\/td>\n<td width=\"106\">\n<h5>DIA\/HOR\u00c1RIO<\/h5>\n<\/td>\n<td width=\"118\">\n<h5>CURSO<\/h5>\n<\/td>\n<\/tr>\n<tr>\n<td width=\"213\">\n<h5>EDCM 7038 \u2013 T\u00d3PICOS EM EDUCA\u00c7\u00c3O EM CI\u00caNCIAS E EM MATEM\u00c1TICA II \u2013 Estudos Curriculares<\/h5>\n<\/td>\n<td width=\"155\">\n<h5>ELENILTON GODOY<\/h5>\n<\/td>\n<td width=\"106\">\n<h5>2\u00aa FEIRA<\/h5>\n<h5>18H \u00c0S 21H<\/h5>\n<\/td>\n<td width=\"118\">\n<h5>MESTRADO<\/h5>\n<h5>DOUTORADO<\/h5>\n<\/td>\n<\/tr>\n<tr>\n<td width=\"213\">\n<h5>EDCM 7034 \u2013 TEORIAS DA APRENDIZAGEM<\/h5>\n<\/td>\n<td width=\"155\">\n<h5>NEILA AGRANIONIH E THA\u00cdS RAFAELA HILGER<\/h5>\n<\/td>\n<td width=\"106\">\n<h5>3\u00aa FEIRA<\/h5>\n<h5>10H \u00c0S 13H<\/h5>\n<\/td>\n<td width=\"118\">\n<h5>DOUTORADO<\/h5>\n<\/td>\n<\/tr>\n<tr>\n<td width=\"213\">\n<h5>EDCM 7033 \u2013 SEMIN\u00c1RIOS DE PESQUISA II<\/h5>\n<\/td>\n<td width=\"155\">\n<h5>ROBERTO GON\u00c7ALVES BARBOSA<\/h5>\n<\/td>\n<td width=\"106\">\n<h5>3\u00aa FEIRA<\/h5>\n<h5>14H \u00c0S 18H<\/h5>\n<\/td>\n<td width=\"118\">\n<h5>DOUTORADO<\/h5>\n<\/td>\n<\/tr>\n<tr>\n<td width=\"213\">\n<h5>EDCM 7008 \u2013 PENSAMENTO MATEM\u00c1TICO NA EDUCA\u00c7\u00c3O MATEM\u00c1TICA<\/h5>\n<h5><\/h5>\n<\/td>\n<td width=\"155\">\n<h5>JOS\u00c9 CARLOS CIFUENTES<\/h5>\n<\/td>\n<td width=\"106\">\n<h5>6\u00aa FEIRA<\/h5>\n<h5>14H \u00c0S 18H<\/h5>\n<\/td>\n<td width=\"118\">\n<h5>MESTRADO<\/h5>\n<h5>DOUTORADO<\/h5>\n<\/td>\n<\/tr>\n<tr>\n<td width=\"213\">\n<h5>EDCM 7051 \u2013 T\u00d3PICOS EM EDUCA\u00c7\u00c3O EM CI\u00caNCIAS E EM MATEM\u00c1TICA III \u2013 ASSUNTO Fundamentos e Pr\u00e1ticas da Educa\u00e7\u00e3o Especial e Inclusiva<\/h5>\n<\/td>\n<td width=\"155\">\n<h5>ANDERSON ROGES TEIXEIRA G\u00d3ES E PRISCILA KABBAZ ALVES DA COSTA<\/h5>\n<\/td>\n<td width=\"106\">\n<h5>6\u00aa FEIRA<\/h5>\n<h5>14H \u00c0S 17H<\/h5>\n<\/td>\n<td width=\"118\">\n<h5>MESTRADO<\/h5>\n<h5>DOUTORADO<\/h5>\n<h5><strong>(AT\u00c9 10 VAGAS ISOLADAS)<\/strong><\/h5>\n<\/td>\n<\/tr>\n<\/tbody>\n<\/table>\n<p>&nbsp;<\/p>\n<h3><strong><u>Disciplinas ofertadas PPGECM \u2013 1<\/u><\/strong><strong><u>\u00ba semestre \/ 2022<\/u><\/strong><\/h3>\n<p><span style=\"color: #3366ff\"><strong><br \/>\n<\/strong><\/span><strong><br \/>\n<\/strong><\/p>\n<table style=\"height: 779px\" width=\"877\">\n<tbody>\n<tr>\n<td width=\"278\">\n<p style=\"text-align: center\">Disciplina<\/p>\n<\/td>\n<td style=\"text-align: center\" width=\"139\">Docentes<\/td>\n<td style=\"text-align: center\" width=\"87\">Dia\/hor\u00e1rio<\/td>\n<td width=\"109\">\n<p style=\"text-align: center\">Curso<\/p>\n<\/td>\n<\/tr>\n<tr>\n<td width=\"278\">EDCM 7040 \u2013 DID\u00c1TICA DAS CI\u00caNCIAS E DA MATEM\u00c1TICA<\/td>\n<td width=\"139\">\n<p style=\"text-align: center\">Tania Bruns Zimer<\/p>\n<p style=\"text-align: center\">S\u00e9rgio Camargo<\/p>\n<\/td>\n<td style=\"text-align: center\" width=\"87\">3\u00aa feira<\/p>\n<p>8h \u00e0s 12h<\/td>\n<td width=\"109\">\n<p style=\"text-align: center\">MESTRADO<\/p>\n<p style=\"text-align: center\">DOUTORADO<\/p>\n<\/td>\n<\/tr>\n<tr>\n<td width=\"278\">EDCM 7046 &#8211; PERSPECTIVAS DA DIFEREN\u00c7A E A EDUCA\u00c7\u00c3O<\/td>\n<td width=\"139\">\n<p style=\"text-align: center\">K\u00e1tia Kasper<\/p>\n<\/td>\n<td style=\"text-align: center\" width=\"87\">3\u00aa feira<\/p>\n<p>14h \u00e0s 18h<\/td>\n<td width=\"109\">\n<p style=\"text-align: center\">MESTRADO<\/p>\n<p style=\"text-align: center\">DOUTORADO<\/p>\n<\/td>\n<\/tr>\n<tr>\n<td width=\"278\">EDCM 7032 \u2013 SEMIN\u00c1RIOS DE PESQUISA I<\/td>\n<td width=\"139\">\n<p style=\"text-align: center\">Marcelo Val\u00e9rio e<\/p>\n<p style=\"text-align: center\">Everton Bedin<\/p>\n<\/td>\n<td style=\"text-align: center\" width=\"87\">4\u00aa feira<\/p>\n<p>8h \u00e0s 12h<\/td>\n<td width=\"109\">\n<p style=\"text-align: center\">MESTRADO<\/p>\n<\/td>\n<\/tr>\n<tr>\n<td width=\"278\">EDCM 7003 &#8211; DIVULGA\u00c7\u00c3O CIENT\u00cdFICA EM ESPA\u00c7OS N\u00c3O-FORMAIS<\/td>\n<td width=\"139\">\n<p style=\"text-align: center\">Emerson Joucoski<\/p>\n<p style=\"text-align: center\">Marcelo Val\u00e9rio<\/p>\n<p style=\"text-align: center\">Rodrigo Reis<\/p>\n<\/td>\n<td style=\"text-align: center\" width=\"87\">4\u00aa feira<\/p>\n<p>14h \u00e0s 18h<\/td>\n<td width=\"109\">\n<p style=\"text-align: center\">MESTRADO<\/p>\n<p style=\"text-align: center\">DOUTORADO<\/p>\n<\/td>\n<\/tr>\n<tr>\n<td width=\"278\">EDCM 7042 &#8211; FUNDAMENTOS EPISTEMOL\u00d3GICOS PARA EDUCA\u00c7\u00c3O EM CI\u00caNCIAS E EM MATEM\u00c1TICA<\/td>\n<td width=\"139\">\n<p style=\"text-align: center\">Joanez Aires<\/p>\n<\/td>\n<td style=\"text-align: center\" width=\"87\">5\u00aa feira<\/p>\n<p>14h \u00e0s 18h<\/td>\n<td width=\"109\">\n<p style=\"text-align: center\">MESTRADO<\/p>\n<p style=\"text-align: center\">DOUTORADO<\/p>\n<\/td>\n<\/tr>\n<tr>\n<td width=\"278\">EDCM 7038 \u2013\u00a0 T\u00d3PICOS EM EDUCA\u00c7\u00c3O EM CI\u00caNCIAS E EM MATEM\u00c1TICA II &#8211; TEND\u00caNCIAS DE INOVA\u00c7\u00c3O E TECNOLOGIAS NA EDUCA\u00c7\u00c3O<\/td>\n<td width=\"139\">\n<p style=\"text-align: center\">Marcelo Motta<\/p>\n<\/td>\n<td style=\"text-align: center\" width=\"87\">5\u00aa feira<\/p>\n<p>18h \u00e0s 22h<\/td>\n<td width=\"109\">\n<p style=\"text-align: center\">MESTRADO<\/p>\n<p style=\"text-align: center\">DOUTORADO<\/p>\n<\/td>\n<\/tr>\n<tr>\n<td width=\"278\">EDCM7038 &#8211; T\u00d3PICOS EM EDUCA\u00c7\u00c3O EM CI\u00caNCIAS E EM MATEM\u00c1TICA II \u2013 ESTUDOS CULTURAIS, EDUCA\u00c7\u00c3O EM DIREITOS HUMANOS NA PR\u00c1TICA E FORMA\u00c7\u00c3O DE PROFESSORES(AS) DE CI\u00caNCIAS E EM MATEM\u00c1TICA<\/td>\n<td width=\"139\">\n<p style=\"text-align: center\">Roberto Dalmo Varallo Lima de Oliveira<\/p>\n<\/td>\n<td style=\"text-align: center\" width=\"87\">6\u00aa feira<\/p>\n<p>14h \u00e0s 18h<\/td>\n<td width=\"109\">\n<p style=\"text-align: center\">MESTRADO<\/p>\n<p style=\"text-align: center\">DOUTORADO<\/p>\n<\/td>\n<\/tr>\n<\/tbody>\n<\/table>\n<p style=\"text-align: center\">\n","protected":false},"excerpt":{"rendered":"<p>Disciplinas ofertadas PPGECM \u2013 2\u00ba semestre \/ 2022 &nbsp; DISCIPLINAS DOCENTES DIA\/HOR\u00c1RIO CURSO EDCM 7038 \u2013 T\u00d3PICOS EM EDUCA\u00c7\u00c3O EM CI\u00caNCIAS E EM MATEM\u00c1TICA II \u2013 Estudos Curriculares ELENILTON GODOY 2\u00aa FEIRA 18H \u00c0S 21H MESTRADO DOUTORADO EDCM 7034 \u2013&hellip; <\/p>\n","protected":false},"author":3978,"featured_media":0,"parent":0,"menu_order":0,"comment_status":"closed","ping_status":"closed","template":"","meta":{"footnotes":""},"class_list":["post-2603","page","type-page","status-publish","hentry"],"_links":{"self":[{"href":"https:\/\/exatas.ufpr.br\/ppgecm\/wp-json\/wp\/v2\/pages\/2603","targetHints":{"allow":["GET"]}}],"collection":[{"href":"https:\/\/exatas.ufpr.br\/ppgecm\/wp-json\/wp\/v2\/pages"}],"about":[{"href":"https:\/\/exatas.ufpr.br\/ppgecm\/wp-json\/wp\/v2\/types\/page"}],"author":[{"embeddable":true,"href":"https:\/\/exatas.ufpr.br\/ppgecm\/wp-json\/wp\/v2\/users\/3978"}],"replies":[{"embeddable":true,"href":"https:\/\/exatas.ufpr.br\/ppgecm\/wp-json\/wp\/v2\/comments?post=2603"}],"version-history":[{"count":9,"href":"https:\/\/exatas.ufpr.br\/ppgecm\/wp-json\/wp\/v2\/pages\/2603\/revisions"}],"predecessor-version":[{"id":2804,"href":"https:\/\/exatas.ufpr.br\/ppgecm\/wp-json\/wp\/v2\/pages\/2603\/revisions\/2804"}],"wp:attachment":[{"href":"https:\/\/exatas.ufpr.br\/ppgecm\/wp-json\/wp\/v2\/media?parent=2603"}],"curies":[{"name":"wp","href":"https:\/\/api.w.org\/{rel}","templated":true}]}}