{"id":7,"date":"2014-09-23T16:35:17","date_gmt":"2014-09-23T16:35:17","guid":{"rendered":"https:\/\/exatas.ufpr.br\/degraf-deise\/?page_id=7"},"modified":"2022-06-06T13:55:54","modified_gmt":"2022-06-06T13:55:54","slug":"disciplinas","status":"publish","type":"page","link":"https:\/\/exatas.ufpr.br\/degraf_deise\/disciplinas\/","title":{"rendered":"Disciplinas"},"content":{"rendered":"<p>________________<\/p>\n<p><span style=\"color: #ff9900\"><strong>Disciplinas 2022.1:<\/strong><\/span><\/p>\n<p>________________<\/p>\n<p><strong>CD027 &#8211; Express\u00e3o Gr\u00e1fica I &#8211; Curso\u00a0Engenharia\u00a0Civil &#8211; Turmas A e C<br \/>\n<\/strong><\/p>\n<p>N\u00e3o teremos aula entre os dias 6 e 9 de junho devido a Semana de Recep\u00e7\u00e3o aos Calouros.<\/p>\n<p>Para a primeira aula, que ser\u00e1 dia 13 ou 14 de junho, o aluno dever\u00e1 providenciar a apostila impressa em formato A4 e os materiais de desenho (jogo de esquadros m\u00e9dio, compasso, r\u00e9gua, l\u00e1pis ou lapiseira).<\/p>\n<p>Apostila:\u00a0<a href=\"https:\/\/exatas.ufpr.br\/degraf_deise\/wp-content\/uploads\/sites\/9\/2014\/09\/Apostila_Cotadas_2022.pdf\">Apostila_Cotadas_2022<\/a> (<span style=\"color: #000000\">IMPORTANTE: IMPRIMIR A APOSTILA EM FORMATO A4)<\/span><\/p>\n<p>Plano de Ensino: <a href=\"https:\/\/exatas.ufpr.br\/degraf_deise\/wp-content\/uploads\/sites\/9\/2014\/09\/Plano-de-Ensino.pdf\">Plano de Ensino<\/a><\/p>\n<p>________________<\/p>\n<p><strong>CEG305 &#8211;\u00a0Fundamentos da Programa\u00e7\u00e3o\u00a0\u00a0&#8211; Curso de Express\u00e3o Gr\u00e1fica\u00a0&#8211; Turma EG<br \/>\n<\/strong><\/p>\n<p>________________<\/p>\n<p>&nbsp;<\/p>\n<p>&nbsp;<\/p>\n<p>________________________________________________________________________________<\/p>\n<p>APOSTILAS:<\/p>\n<p>Desenho T\u00e9cnico<\/p>\n<p><a href=\"https:\/\/exatas.ufpr.br\/degraf_deise\/wp-content\/uploads\/sites\/9\/2014\/10\/3-DT-CD028-Eng-Civil-0-2014-Turmas-A-e-E-Prof-Deise.pdf\">Apostila DT 2014:\u00a0<\/a><\/p>\n","protected":false},"excerpt":{"rendered":"<p>________________ Disciplinas 2022.1: ________________ CD027 &#8211; Express\u00e3o Gr\u00e1fica I &#8211; Curso\u00a0Engenharia\u00a0Civil &#8211; Turmas A e C N\u00e3o teremos aula entre os dias 6 e 9 de junho devido a Semana de Recep\u00e7\u00e3o aos Calouros. Para a primeira aula, que ser\u00e1&hellip; <\/p>\n","protected":false},"author":1,"featured_media":0,"parent":0,"menu_order":0,"comment_status":"closed","ping_status":"closed","template":"","meta":{"footnotes":""},"class_list":["post-7","page","type-page","status-publish","hentry"],"_links":{"self":[{"href":"https:\/\/exatas.ufpr.br\/degraf_deise\/wp-json\/wp\/v2\/pages\/7","targetHints":{"allow":["GET"]}}],"collection":[{"href":"https:\/\/exatas.ufpr.br\/degraf_deise\/wp-json\/wp\/v2\/pages"}],"about":[{"href":"https:\/\/exatas.ufpr.br\/degraf_deise\/wp-json\/wp\/v2\/types\/page"}],"author":[{"embeddable":true,"href":"https:\/\/exatas.ufpr.br\/degraf_deise\/wp-json\/wp\/v2\/users\/1"}],"replies":[{"embeddable":true,"href":"https:\/\/exatas.ufpr.br\/degraf_deise\/wp-json\/wp\/v2\/comments?post=7"}],"version-history":[{"count":196,"href":"https:\/\/exatas.ufpr.br\/degraf_deise\/wp-json\/wp\/v2\/pages\/7\/revisions"}],"predecessor-version":[{"id":1079,"href":"https:\/\/exatas.ufpr.br\/degraf_deise\/wp-json\/wp\/v2\/pages\/7\/revisions\/1079"}],"wp:attachment":[{"href":"https:\/\/exatas.ufpr.br\/degraf_deise\/wp-json\/wp\/v2\/media?parent=7"}],"curies":[{"name":"wp","href":"https:\/\/api.w.org\/{rel}","templated":true}]}}